{"id":755,"date":"2018-03-11T21:57:50","date_gmt":"2018-03-11T19:57:50","guid":{"rendered":"http:\/\/balcauti.ro\/?page_id=755"},"modified":"2018-03-11T22:17:21","modified_gmt":"2018-03-11T20:17:21","slug":"info","status":"publish","type":"page","link":"https:\/\/balcauti.ro\/index.php\/info\/","title":{"rendered":"Info"},"content":{"rendered":"<p>[vc_row][vc_column width=&#8221;2\/3&#8243;][vc_column_text]<b>B\u0103lc\u0103u\u021bi<\/b>\u00a0(\u00een\u00a0<a title=\"Limba ucrainean\u0103\" href=\"https:\/\/ro.wikipedia.org\/wiki\/Limba_ucrainean%C4%83\">ucrainean\u0103<\/a>\u00a0<span lang=\"uk\">\u0411\u0430\u043b\u043a\u0456\u0432\u0446\u0456<\/span>, transliterat\u00a0<span lang=\"uk\"><i>Balkiv\u021bi<\/i><\/span>, \u00een\u00a0<a title=\"Limba maghiar\u0103\" href=\"https:\/\/ro.wikipedia.org\/wiki\/Limba_maghiar%C4%83\">maghiar\u0103<\/a>\u00a0<span lang=\"hu\">Laudonfalva<\/span>) este o\u00a0<a title=\"Comunele Rom\u00e2niei\" href=\"https:\/\/ro.wikipedia.org\/wiki\/Comunele_Rom%C3%A2niei\">comun\u0103<\/a>\u00a0\u00een\u00a0<a title=\"Jude\u021bul Suceava\" href=\"https:\/\/ro.wikipedia.org\/wiki\/Jude%C8%9Bul_Suceava\">jude\u021bul Suceava<\/a>,\u00a0<a title=\"Bucovina\" href=\"https:\/\/ro.wikipedia.org\/wiki\/Bucovina\">Bucovina<\/a>,\u00a0<a title=\"Rom\u00e2nia\" href=\"https:\/\/ro.wikipedia.org\/wiki\/Rom%C3%A2nia\">Rom\u00e2nia<\/a>, format\u0103 din satele\u00a0<a title=\"B\u0103lc\u0103u\u021bi, Suceava\" href=\"https:\/\/ro.wikipedia.org\/wiki\/B%C4%83lc%C4%83u%C8%9Bi,_Suceava\">B\u0103lc\u0103u\u021bi<\/a>\u00a0(re\u0219edin\u021ba),\u00a0<a title=\"Gropeni, Suceava\" href=\"https:\/\/ro.wikipedia.org\/wiki\/Gropeni,_Suceava\">Gropeni<\/a>\u00a0\u0219i\u00a0<a title=\"Negostina, Suceava\" href=\"https:\/\/ro.wikipedia.org\/wiki\/Negostina,_Suceava\">Negostina<\/a>.<\/p>\n<h2><span id=\"Demografie\" class=\"mw-headline\">Demografie<\/span><\/h2>\n<div>\n<div class=\"thumb tleft\">\n<div class=\"thumbinner\">\n<div class=\"thumbcaption\">\n<p>Componen\u021ba etnic\u0103 a comunei B\u0103lc\u0103u\u021bi<\/p>\n<p>Rom\u00e2ni (28,82%)<\/p>\n<p>Ucraineni (69,67%)<\/p>\n<p>Necunoscut\u0103 (1,33%)<\/p>\n<p>Alt\u0103 etnie (0,16%)<\/p>\n<\/div>\n<\/div>\n<\/div>\n<div class=\"thumb tleft\">\n<div class=\"thumbinner\">\n<div class=\"thumbcaption\">\n<p>Componen\u021ba confesional\u0103 a comunei B\u0103lc\u0103u\u021bi<\/p>\n<p>Ortodoc\u0219i (72,6%)<\/p>\n<p>Penticostali (7,55%)<\/p>\n<p>Greco-catolici (6,9%)<\/p>\n<p>Bapti\u0219ti (1%)<\/p>\n<p>Martori ai lui Iehova (6,09%)<\/p>\n<p>Cre\u0219tini dup\u0103 evanghelie (4,03%)<\/p>\n<p>Necunoscut\u0103 (1,33%)<\/p>\n<p>Alt\u0103 religie (0,45%)<\/p>\n<\/div>\n<\/div>\n<\/div>\n<\/div>\n<p>Conform\u00a0<a title=\"Recens\u0103m\u00e2ntul popula\u021biei din 2011 (Rom\u00e2nia)\" href=\"https:\/\/ro.wikipedia.org\/wiki\/Recens%C4%83m%C3%A2ntul_popula%C8%9Biei_din_2011_(Rom%C3%A2nia)\">recens\u0103m\u00e2ntului efectuat \u00een 2011<\/a>, popula\u021bia comunei B\u0103lc\u0103u\u021bi se ridic\u0103 la 3.070 de\u00a0locuitori, \u00een sc\u0103dere fa\u021b\u0103 de\u00a0<a title=\"Recens\u0103m\u00e2ntul popula\u021biei din 2002 (Rom\u00e2nia)\" href=\"https:\/\/ro.wikipedia.org\/wiki\/Recens%C4%83m%C3%A2ntul_popula%C8%9Biei_din_2002_(Rom%C3%A2nia)\">recens\u0103m\u00e2ntul anterior din 2002<\/a>, c\u00e2nd se \u00eenregistraser\u0103 3.393\u00a0de\u00a0locuitori.<sup id=\"cite_ref-kia.hu_1-1\" class=\"reference\"><a href=\"https:\/\/ro.wikipedia.org\/wiki\/Comuna_B%C4%83lc%C4%83u%C8%9Bi,_Suceava#cite_note-kia.hu-1\">[1]<\/a><\/sup>Majoritatea locuitorilor sunt\u00a0<a title=\"Ucrainenii din Rom\u00e2nia\" href=\"https:\/\/ro.wikipedia.org\/wiki\/Ucrainenii_din_Rom%C3%A2nia\">ucraineni<\/a>(69,67%), cu o minoritate de\u00a0<a title=\"Rom\u00e2ni\" href=\"https:\/\/ro.wikipedia.org\/wiki\/Rom%C3%A2ni\">rom\u00e2ni<\/a>(28,83%). Pentru 1,34% din popula\u021bie, apartenen\u021ba etnic\u0103 nu este cunoscut\u0103.<sup id=\"cite_ref-insse_2011_nat_2-1\" class=\"reference\"><a href=\"https:\/\/ro.wikipedia.org\/wiki\/Comuna_B%C4%83lc%C4%83u%C8%9Bi,_Suceava#cite_note-insse_2011_nat-2\">[2]<\/a><\/sup>Din punct de vedere confesional, majoritatea locuitorilor sunt\u00a0<a title=\"Biserica Ortodox\u0103 Rom\u00e2n\u0103\" href=\"https:\/\/ro.wikipedia.org\/wiki\/Biserica_Ortodox%C4%83_Rom%C3%A2n%C4%83\">ortodoc\u0219i<\/a>(72,61%), dar exist\u0103 \u0219i minorit\u0103\u021bi de\u00a0<a class=\"mw-redirect\" title=\"Penticostali\" href=\"https:\/\/ro.wikipedia.org\/wiki\/Penticostali\">penticostali<\/a>\u00a0(7,56%),\u00a0<a title=\"Greco-catolici\" href=\"https:\/\/ro.wikipedia.org\/wiki\/Greco-catolici\">greco-catolici<\/a>(6,91%),\u00a0<a class=\"mw-redirect\" title=\"Organiza\u021bia Religioas\u0103 Martorii lui Iehova\" href=\"https:\/\/ro.wikipedia.org\/wiki\/Organiza%C8%9Bia_Religioas%C4%83_Martorii_lui_Iehova\">martori ai lui Iehova<\/a>\u00a0(6,09%),\u00a0<a title=\"Biserica Cre\u0219tin\u0103 dup\u0103 Evanghelie\" href=\"https:\/\/ro.wikipedia.org\/wiki\/Biserica_Cre%C8%99tin%C4%83_dup%C4%83_Evanghelie\">cre\u0219tini dup\u0103 evanghelie<\/a>\u00a0(4,04%) \u0219i\u00a0<a class=\"mw-redirect\" title=\"Bapti\u0219ti\" href=\"https:\/\/ro.wikipedia.org\/wiki\/Bapti%C8%99ti\">bapti\u0219ti<\/a>\u00a0(1,01%). Pentru 1,34% din popula\u021bie, nu este cunoscut\u0103 apartenen\u021ba confesional\u0103.<sup id=\"cite_ref-insse_2011_rel_5-0\" class=\"reference\"><a href=\"https:\/\/ro.wikipedia.org\/wiki\/Comuna_B%C4%83lc%C4%83u%C8%9Bi,_Suceava#cite_note-insse_2011_rel-5\">[5]<\/a><\/sup><\/p>\n<h2><span id=\"Politic.C4.83_.C8.99i_administra.C8.9Bie\"><\/span><span id=\"Politic\u0103_\u0219i_administra\u021bie\" class=\"mw-headline\">Politic\u0103 \u0219i administra\u021bie<\/span><\/h2>\n<p>Comuna B\u0103lc\u0103u\u021bi este administrat\u0103 de un primar \u0219i un consiliu local compus din 13 consilieri. Primarul,\u00a0<a class=\"extiw\" title=\"d:Q24543912\" href=\"https:\/\/www.wikidata.org\/wiki\/Q24543912\">Vasile \u015eoiman<\/a><abbr title=\"Articolul \u00eenc\u0103 nu exist\u0103 \u00een acest wiki\">[*]<\/abbr>, de la\u00a0<a title=\"Partidul Na\u021bional Liberal (Rom\u00e2nia)\" href=\"https:\/\/ro.wikipedia.org\/wiki\/Partidul_Na%C8%9Bional_Liberal_(Rom%C3%A2nia)\">Partidul Na\u021bional Liberal<\/a>, a fost ales \u00een\u00a0<time datetime=\"nil\">2016<\/time>. \u00cencep\u00e2nd cu alegerile locale din 2016, consiliul local are urm\u0103toarea componen\u021b\u0103 pe partide politice:<sup id=\"cite_ref-6\" class=\"reference\"><a href=\"https:\/\/ro.wikipedia.org\/wiki\/Comuna_B%C4%83lc%C4%83u%C8%9Bi,_Suceava#cite_note-6\">[6]<\/a><\/sup><\/p>\n<table class=\"wikitable\" cellspacing=\"0\" cellpadding=\"2\">\n<tbody>\n<tr>\n<th><\/th>\n<th>Partid<\/th>\n<th>Consilieri<\/th>\n<th colspan=\"6\">Componen\u021ba Consiliului<\/th>\n<\/tr>\n<tr>\n<td bgcolor=\"#FFFF00\"><\/td>\n<td><a title=\"Partidul Na\u021bional Liberal (Rom\u00e2nia)\" href=\"https:\/\/ro.wikipedia.org\/wiki\/Partidul_Na%C8%9Bional_Liberal_(Rom%C3%A2nia)\">Partidul Na\u021bional Liberal<\/a><\/td>\n<td><b>6<\/b><\/td>\n<td bgcolor=\"#FFFF00\"><\/td>\n<td bgcolor=\"#FFFF00\"><\/td>\n<td bgcolor=\"#FFFF00\"><\/td>\n<td bgcolor=\"#FFFF00\"><\/td>\n<td bgcolor=\"#FFFF00\"><\/td>\n<td bgcolor=\"#FFFF00\"><\/td>\n<\/tr>\n<tr>\n<td bgcolor=\"#DC2C22\"><\/td>\n<td><a title=\"Partidul Social Democrat (Rom\u00e2nia)\" href=\"https:\/\/ro.wikipedia.org\/wiki\/Partidul_Social_Democrat_(Rom%C3%A2nia)\">Partidul Social Democrat<\/a><\/td>\n<td><b>6<\/b><\/td>\n<td bgcolor=\"#DC2C22\"><\/td>\n<td bgcolor=\"#DC2C22\"><\/td>\n<td bgcolor=\"#DC2C22\"><\/td>\n<td bgcolor=\"#DC2C22\"><\/td>\n<td bgcolor=\"#DC2C22\"><\/td>\n<td bgcolor=\"#DC2C22\"><\/td>\n<\/tr>\n<tr>\n<td bgcolor=\"#888\"><\/td>\n<td>Uniunea Ucrainenilor din Rom\u00e2nia<\/td>\n<td><b>1<\/b><\/td>\n<td bgcolor=\"#888\"><\/td>\n<td><\/td>\n<td><\/td>\n<td><\/td>\n<td><\/td>\n<td><\/td>\n<\/tr>\n<\/tbody>\n<\/table>\n<h2><span id=\"Recens.C4.83m.C3.A2ntul_din_1930\"><\/span><span id=\"Recens\u0103m\u00e2ntul_din_1930\" class=\"mw-headline\">Recens\u0103m\u00e2ntul din 1930<\/span><\/h2>\n<h5>Componen\u021ba etnic\u0103 a comunei B\u0103lc\u0103u\u021bi<\/h5>\n<div>\n<div class=\"thumb tleft\">\n<div class=\"thumbinner\">\n<div class=\"thumbcaption\">\n<p>\u00a0\u00a0\u00a0\u00a0\u00a0Rom\u00e2ni (39,65%)<\/p>\n<p>Germani (1%)<\/p>\n<p>Evrei (0,65%)<\/p>\n<p>Ruteni (57,5%)<\/p>\n<p>Polonezi (0,5%)<\/p>\n<p>Ru\u0219i (0,7%)<\/p>\n<\/div>\n<\/div>\n<\/div>\n<div class=\"thumb tleft\">\n<div class=\"thumbinner\">\n<div>\n<div class=\"transborder\"><\/div>\n<div><\/div>\n<\/div>\n<div class=\"thumbcaption\">\n<p>Componen\u021ba confesional\u0103 a comunei B\u0103lc\u0103u\u021bi<\/p>\n<p>Ortodoc\u0219i (98,5%)<\/p>\n<p>Romano-catolici (0,84%)<\/p>\n<p>Mozaici (0,65%)<\/p>\n<p>Greco-catolici (0,01%)<\/p>\n<\/div>\n<\/div>\n<\/div>\n<\/div>\n<p>Conform recens\u0103m\u00e2ntului efectuat \u00een 1930, popula\u021bia comunei B\u0103lc\u0103u\u021bi se ridica la 1933 locuitori. Majoritatea locuitorilor erau\u00a0<a title=\"Ruteni\" href=\"https:\/\/ro.wikipedia.org\/wiki\/Ruteni\">ruteni<\/a>\u00a0(57,5%), cu o minoritate de\u00a0<a title=\"Germani\" href=\"https:\/\/ro.wikipedia.org\/wiki\/Germani\">germani<\/a>\u00a0(1,0%), una de\u00a0<a title=\"Evrei\" href=\"https:\/\/ro.wikipedia.org\/wiki\/Evrei\">evrei<\/a>\u00a0(0,65%), una de\u00a0<a title=\"Rom\u00e2ni\" href=\"https:\/\/ro.wikipedia.org\/wiki\/Rom%C3%A2ni\">rom\u00e2ni<\/a>\u00a0(39,65%), una de\u00a0<a title=\"Polonezi\" href=\"https:\/\/ro.wikipedia.org\/wiki\/Polonezi\">polonezi<\/a>(0,5%) \u0219i una de\u00a0<a title=\"Ru\u0219i\" href=\"https:\/\/ro.wikipedia.org\/wiki\/Ru%C8%99i\">ru\u0219i<\/a>\u00a0(0,7%). Din punct de vedere confesional, majoritatea locuitorilor erau\u00a0<a class=\"mw-redirect\" title=\"Ortodoc\u0219i\" href=\"https:\/\/ro.wikipedia.org\/wiki\/Ortodoc%C8%99i\">ortodoc\u0219i<\/a>\u00a0(98,5%), dar existau \u0219i\u00a0<a class=\"mw-redirect\" title=\"Romano-catolici\" href=\"https:\/\/ro.wikipedia.org\/wiki\/Romano-catolici\">romano-catolici<\/a>\u00a0(0,84%),\u00a0<a class=\"mw-redirect\" title=\"Mozaici\" href=\"https:\/\/ro.wikipedia.org\/wiki\/Mozaici\">mozaici<\/a>\u00a0(0,65%) \u0219i\u00a0<a title=\"Greco-catolici\" href=\"https:\/\/ro.wikipedia.org\/wiki\/Greco-catolici\">greco-catolici<\/a>\u00a0(0,01%).<\/p>\n<h2><span id=\"Note\" class=\"mw-headline\">Note<\/span><\/h2>\n<div class=\"mw-references-wrap\">\n<ol class=\"references\">\n<li id=\"cite_note-kia.hu-1\">^\u00a0<a href=\"https:\/\/ro.wikipedia.org\/wiki\/Comuna_B%C4%83lc%C4%83u%C8%9Bi,_Suceava#cite_ref-kia.hu_1-0\"><sup><i><b>a<\/b><\/i><\/sup><\/a>\u00a0<a href=\"https:\/\/ro.wikipedia.org\/wiki\/Comuna_B%C4%83lc%C4%83u%C8%9Bi,_Suceava#cite_ref-kia.hu_1-1\"><sup><i><b>b<\/b><\/i><\/sup><\/a>\u00a0<span class=\"reference-text\"><span class=\"citation web\">\u201e<a class=\"external text mtli_attachment mtli_zip\" href=\"http:\/\/www.kia.hu\/konyvtar\/erdely\/erd2002\/etnii2002.zip\" rel=\"nofollow\">Recens\u0103m\u00e2ntul Popula\u021biei \u0219i al Locuin\u021belor 2002 &#8211; popula\u021bia unit\u0103\u021bilor administrative pe etnii<\/a>\u201d. Kultur\u00e1lis Innov\u00e1ci\u00f3s Alap\u00edtv\u00e1ny (KIA.hu &#8211; Funda\u021bia Cultural\u0103 pentru Inova\u021bie)<span class=\"reference-accessdate\">. Accesat la 6 august 2013<\/span>.<\/span><\/span><\/li>\n<li id=\"cite_note-insse_2011_nat-2\">^\u00a0<a href=\"https:\/\/ro.wikipedia.org\/wiki\/Comuna_B%C4%83lc%C4%83u%C8%9Bi,_Suceava#cite_ref-insse_2011_nat_2-0\"><sup><i><b>a<\/b><\/i><\/sup><\/a>\u00a0<a href=\"https:\/\/ro.wikipedia.org\/wiki\/Comuna_B%C4%83lc%C4%83u%C8%9Bi,_Suceava#cite_ref-insse_2011_nat_2-1\"><sup><i><b>b<\/b><\/i><\/sup><\/a>\u00a0<span class=\"reference-text\">Rezultatele finale ale Recens\u0103m\u00e2ntului din 2011:\u00a0<span class=\"citation web\">\u201e<a class=\"external text mtli_attachment mtli_xls\" href=\"http:\/\/www.recensamantromania.ro\/wp-content\/uploads\/2013\/07\/sR_Tab_8.xls\" rel=\"nofollow\">Tab8. Popula\u021bia stabil\u0103 dup\u0103 etnie \u2013 jude\u021be, municipii, ora\u0219e, comune<\/a>\u201d.\u00a0<a title=\"Institutul Na\u021bional de Statistic\u0103\" href=\"https:\/\/ro.wikipedia.org\/wiki\/Institutul_Na%C8%9Bional_de_Statistic%C4%83\">Institutul Na\u021bional de Statistic\u0103<\/a>\u00a0din Rom\u00e2nia. iulie 2013<span class=\"reference-accessdate\">. Accesat la 5 august 2013<\/span>.<\/span><\/span><\/li>\n<li id=\"cite_note-29c171b17c24b54c64738b7a07ce4535-3\"><b><a href=\"https:\/\/ro.wikipedia.org\/wiki\/Comuna_B%C4%83lc%C4%83u%C8%9Bi,_Suceava#cite_ref-29c171b17c24b54c64738b7a07ce4535_3-0\">^<\/a><\/b>\u00a0<span class=\"reference-text\"><cite class=\"citation\"><a class=\"external text\" href=\"https:\/\/svnews.ro\/rezultatele-complete-la-alegerile-locale-din-judetul-suceava-surprize-in-mai-multe-localitati\/74972\/\" rel=\"nofollow\"><i>Rezultatele alegerilor locale din 2016<\/i><\/a>,\u00a0<a class=\"extiw\" title=\"d:Q23725837\" href=\"https:\/\/www.wikidata.org\/wiki\/Q23725837\">Biroul Electoral Central<\/a><abbr title=\"Articolul \u00eenc\u0103 nu exist\u0103 \u00een acest wiki\">[*]<\/abbr><\/cite><\/span><\/li>\n<li id=\"cite_note-581b6c3e2fff76695307027aceea2069-4\"><b><a href=\"https:\/\/ro.wikipedia.org\/wiki\/Comuna_B%C4%83lc%C4%83u%C8%9Bi,_Suceava#cite_ref-581b6c3e2fff76695307027aceea2069_4-0\">^<\/a><\/b>\u00a0<span class=\"reference-text\"><cite class=\"citation\"><a class=\"external text mtli_attachment mtli_xlsx\" href=\"http:\/\/www.2016bec.ro\/wp-content\/uploads\/2016\/06\/SIAL2016_P_Lista_Moc-2.xlsx\" rel=\"nofollow\"><i>Rezultatele alegerilor locale din 2016<\/i><\/a>,\u00a0<a class=\"extiw\" title=\"d:Q23725837\" href=\"https:\/\/www.wikidata.org\/wiki\/Q23725837\">Biroul Electoral Central<\/a><abbr title=\"Articolul \u00eenc\u0103 nu exist\u0103 \u00een acest wiki\">[*]<\/abbr><\/cite><\/span><\/li>\n<li id=\"cite_note-insse_2011_rel-5\"><b><a href=\"https:\/\/ro.wikipedia.org\/wiki\/Comuna_B%C4%83lc%C4%83u%C8%9Bi,_Suceava#cite_ref-insse_2011_rel_5-0\">^<\/a><\/b>\u00a0<span class=\"reference-text\">Rezultatele finale ale Recens\u0103m\u00e2ntului din 2011:\u00a0<span class=\"citation web\">\u201e<a class=\"external text mtli_attachment mtli_xls\" href=\"http:\/\/www.recensamantromania.ro\/wp-content\/uploads\/2013\/07\/sR_TAB_13.xls\" rel=\"nofollow\">Tab13. Popula\u021bia stabil\u0103 dup\u0103 religie \u2013 jude\u021be, municipii, ora\u0219e, comune<\/a>\u201d.\u00a0<a title=\"Institutul Na\u021bional de Statistic\u0103\" href=\"https:\/\/ro.wikipedia.org\/wiki\/Institutul_Na%C8%9Bional_de_Statistic%C4%83\">Institutul Na\u021bional de Statistic\u0103<\/a>\u00a0din Rom\u00e2nia. iulie 2013<span class=\"reference-accessdate\">. Accesat la 5 august 2013<\/span>.<\/span><\/span><\/li>\n<li id=\"cite_note-6\"><b><a href=\"https:\/\/ro.wikipedia.org\/wiki\/Comuna_B%C4%83lc%C4%83u%C8%9Bi,_Suceava#cite_ref-6\">^<\/a><\/b>\u00a0<span class=\"reference-text\"><span class=\"citation web\">\u201e<a class=\"external text mtli_attachment mtli_xlsx\" href=\"http:\/\/www.2016bec.ro\/wp-content\/uploads\/2016\/06\/Export_mandate-2.xlsx\" rel=\"nofollow\">Lista competitorilor care au ob\u021binut mandate<\/a>\u201d (XLSX). Biroul Electoral Central pentru alegerile locale din 2016.<\/span><\/span><\/li>\n<\/ol>\n<\/div>\n<p>[\/vc_column_text][\/vc_column][vc_column width=&#8221;1\/3&#8243;][\/vc_column][\/vc_row]<\/p>\n","protected":false},"excerpt":{"rendered":"<p>[vc_row][vc_column width=&#8221;2\/3&#8243;][vc_column_text]B\u0103lc\u0103u\u021bi\u00a0(\u00een\u00a0ucrainean\u0103\u00a0\u0411\u0430\u043b\u043a\u0456\u0432\u0446\u0456, transliterat\u00a0Balkiv\u021bi, \u00een\u00a0maghiar\u0103\u00a0Laudonfalva) este o\u00a0comun\u0103\u00a0\u00een\u00a0jude\u021bul Suceava,\u00a0Bucovina,\u00a0Rom\u00e2nia, format\u0103 din satele\u00a0B\u0103lc\u0103u\u021bi\u00a0(re\u0219edin\u021ba),\u00a0Gropeni\u00a0\u0219i\u00a0Negostina. Demografie Componen\u021ba etnic\u0103 a comunei B\u0103lc\u0103u\u021bi Rom\u00e2ni (28,82%) Ucraineni (69,67%) Necunoscut\u0103 (1,33%) Alt\u0103 etnie (0,16%) Componen\u021ba confesional\u0103 a comunei B\u0103lc\u0103u\u021bi Ortodoc\u0219i (72,6%) Penticostali (7,55%) Greco-catolici (6,9%) Bapti\u0219ti (1%) Martori ai lui Iehova (6,09%) Cre\u0219tini dup\u0103 evanghelie (4,03%) Necunoscut\u0103 (1,33%) Alt\u0103 religie (0,45%) Conform\u00a0recens\u0103m\u00e2ntului efectuat \u00een<\/p>\n","protected":false},"author":1,"featured_media":0,"parent":0,"menu_order":0,"comment_status":"closed","ping_status":"closed","template":"","meta":{"ngg_post_thumbnail":0,"footnotes":""},"categories":[],"tags":[],"class_list":["post-755","page","type-page","status-publish","hentry"],"_links":{"self":[{"href":"https:\/\/balcauti.ro\/index.php\/wp-json\/wp\/v2\/pages\/755","targetHints":{"allow":["GET"]}}],"collection":[{"href":"https:\/\/balcauti.ro\/index.php\/wp-json\/wp\/v2\/pages"}],"about":[{"href":"https:\/\/balcauti.ro\/index.php\/wp-json\/wp\/v2\/types\/page"}],"author":[{"embeddable":true,"href":"https:\/\/balcauti.ro\/index.php\/wp-json\/wp\/v2\/users\/1"}],"replies":[{"embeddable":true,"href":"https:\/\/balcauti.ro\/index.php\/wp-json\/wp\/v2\/comments?post=755"}],"version-history":[{"count":7,"href":"https:\/\/balcauti.ro\/index.php\/wp-json\/wp\/v2\/pages\/755\/revisions"}],"predecessor-version":[{"id":764,"href":"https:\/\/balcauti.ro\/index.php\/wp-json\/wp\/v2\/pages\/755\/revisions\/764"}],"wp:attachment":[{"href":"https:\/\/balcauti.ro\/index.php\/wp-json\/wp\/v2\/media?parent=755"}],"wp:term":[{"taxonomy":"category","embeddable":true,"href":"https:\/\/balcauti.ro\/index.php\/wp-json\/wp\/v2\/categories?post=755"},{"taxonomy":"post_tag","embeddable":true,"href":"https:\/\/balcauti.ro\/index.php\/wp-json\/wp\/v2\/tags?post=755"}],"curies":[{"name":"wp","href":"https:\/\/api.w.org\/{rel}","templated":true}]}}