{"id":2014,"date":"2021-01-24T21:18:36","date_gmt":"2021-01-24T19:18:36","guid":{"rendered":"http:\/\/balcauti.ro\/?page_id=2014"},"modified":"2021-01-24T21:18:36","modified_gmt":"2021-01-24T19:18:36","slug":"lansare-proiect-acces-imbunatatit-in-scolile-din-zona-rurala-transfrontaliera-yordaneshty-si-balcauti","status":"publish","type":"page","link":"https:\/\/balcauti.ro\/index.php\/lansare-proiect-acces-imbunatatit-in-scolile-din-zona-rurala-transfrontaliera-yordaneshty-si-balcauti\/","title":{"rendered":"Lansare proiect \u201dAcces \u00eembun\u0103t\u0103\u021bit \u00een \u0219colile din zona rural\u0103 transfrontalier\u0103 Yordaneshty \u0219i B\u0103lc\u0103u\u021bi\u201d"},"content":{"rendered":"<p style=\"text-align: center;\"><strong>Comunicat de pres\u0103<\/strong><\/p>\n<p><strong>\u00a0<\/strong><\/p>\n<p style=\"text-align: center;\"><strong>Lansare proiect \u201dAcces \u00eembun\u0103t\u0103\u021bit \u00een \u0219colile din zona rural\u0103 transfrontalier\u0103 Yordaneshty \u0219i B\u0103lc\u0103u\u021bi\u201d<\/strong><\/p>\n<p><strong>\u00a0<\/strong><\/p>\n<p><strong>\u00a0\u00a0\u00a0\u00a0 Prim\u0103ria Comunei B\u0103lc\u0103u\u021bi<\/strong>, jude\u021bul Suceava anun\u021b\u0103 lansarea proiectului \u201d<strong> Acces \u00eembun\u0103t\u0103\u021bit \u00een \u0219colile din zona rural\u0103 transfrontalier\u0103 Yordaneshty \u0219i B\u0103lc\u0103u\u021bi<\/strong>\u201d. Activitatea se va desf\u0103\u0219ura la <strong>\u0218coala Gimnazial\u0103 B\u0103lc\u0103u\u021bi<\/strong>, \u00een data de <strong>27.01.2021<\/strong>, ora <strong>14.000<\/strong>.<\/p>\n<p><strong>Proiect<\/strong><strong>ul este <\/strong><strong>\u00a0finan\u021bat prin <\/strong>Programul\u00a0 Opera\u021bional Comun Rom\u00e2nia \u2013 Ucraina 2014-2020.<\/p>\n<p><strong>\u00a0\u00a0\u00a0\u00a0 Grupurile \u021bint\u0103 ale\u00a0 proiectului \u0219i beneficiarii finali sunt:<\/strong><\/p>\n<p>1.<strong>\u0218coala Gimnazial\u0103 B\u0103lc\u0103u\u021bi <\/strong>care \u00ee\u0219i desf\u0103\u0219oar\u0103 activitatea \u00een comuna B\u0103lc\u0103u\u021bi, jude\u021bul Suceava, Rom\u00e2nia \u0219i cei <strong>30 de profesori <\/strong>care lucreaz\u0103 \u00een cadrul \u0218colii Gimnaziale B\u0103lc\u0103u\u021bi. \u0218coala ofer\u0103 servicii de \u00eenv\u0103\u021b\u0103m\u00e2nt pre\u0219colar, primar \u0219i gimnazial.<br \/>\nActivitatea \u0219colar\u0103 se desf\u0103\u0219oar\u0103 \u00een mai multe loca\u021bii, dintre care dou\u0103 sunt vizate de acest proiect: Negostina \u0219i B\u0103lc\u0103u\u021bi. Exist\u0103 \u00een total <strong>189 de elevi<\/strong> care frecventeaz\u0103 cursurile \u0219colii B\u0103lc\u0103u\u021bi.<br \/>\nMen\u021bion\u0103m c\u0103, la nivelul <strong>comunei B\u0103lc\u0103uti<\/strong>, un procent de <strong>69,67% din popula\u021bie <\/strong>s-a declarat de <strong>na\u021bionalitate ucrainean\u0103<\/strong> la recens\u0103m\u00e2ntul din 2011.<br \/>\nLimba ucrainean\u0103 este studiat\u0103 \u00een toate\u00a0 cele\u00a0 3\u00a0 \u0219coli din comun\u0103.<\/p>\n<p>2.<strong>\u0218coala\u00a0 Iord\u0103ne\u0219ti de gradul 1-3 <\/strong>care \u00ee\u0219i desf\u0103\u0219oar\u0103 activitatea \u00een satul Iord\u0103ne\u0219ti, districtul Hliboca, regiuneaCern\u0103u\u021bi, Ucraina. \u0218coala este deservit\u0103 de <strong>22 de profesori <\/strong>\u0219i un total de <strong>125 de elevi <\/strong>frecventeaz\u0103 aceast\u0103 \u0219coal\u0103. <strong>98% din popula\u021bia <\/strong>localitatii Iord\u0103ne\u0219ti s-a declarat de\u00a0 <strong>etnie\u00a0 rom<\/strong><strong>\u00e2n\u0103<\/strong><strong>.<\/strong><\/p>\n<p>\u00cen \u0218coala Iord\u0103ne\u0219ti-Ucraina predarea se face \u00een limba rom\u00e2n\u0103.<\/p>\n<p><strong>\u00a0\u00a0\u00a0\u00a0\u00a0 Durata proiectului<\/strong>:18 luni, dar cel t\u00e2rziu p\u00e2n\u0103 la 31 decembrie2022.<\/p>\n<p><strong>\u00a0\u00a0\u00a0\u00a0\u00a0 Bugetul proiectului este de <\/strong>329.202 EURO\u00a0\u00a0\u00a0\u00a0 din care:<\/p>\n<p>Contribu\u021bia Uniunii Europene\u00a0\u00a0\u00a0 pentru Comuna B\u0103lc\u0103u\u021bi: 153.099 euro -46,51%.<\/p>\n<p>Contribu\u021bia Uniunii Europene pentru satul Iord\u0103ne\u0219ti:143.182 euro \u2013 43,49%.<\/p>\n<p><strong>\u00a0\u00a0\u00a0\u00a0\u00a0\u00a0 Activit\u0103\u021bi desf\u0103\u0219urate\u00a0 \u00een cadrul\u00a0 proiectului:<\/strong><\/p>\n<p>&#8211; vor fi organizate 12 activit\u0103\u021bi interactive, din care 6 evenimente \u00een Rom\u00e2nia \u0219i 6 \u00een Ucraina;<\/p>\n<p>&#8211; vor fi 4 schimburi de experien\u021b\u0103 \/ cele mai bune practici cu personalul \u0219colii:2 evenimente \u00een Rom\u00e2nia \u0219i 2 \u00een Ucraina.<\/p>\n<p><strong>\u00a0\u00a0\u00a0\u00a0\u00a0\u00a0 Rezultatele proiectului:<\/strong><\/p>\n<p>Proiectul are \u00een vedere modernizarea \u0219i dotarea \u0219colilor care fac parte din re\u021beaua public\u0103 de \u00eenv\u0103\u021b\u0103m\u00e2nt din cele dou\u0103 \u021b\u0103ri.<\/p>\n<p>Infrastructura \u0219colar\u0103 este proprietate public\u0103 \u0219i este de\u021binut\u0103 de UAT B\u0102LC\u0102U\u021aI\u00a0 (\u00een cazul \u0219colii B\u0103lc\u0103u\u021bi) \u0219i de Consiliul Satului Yordaneshty (\u00een cazul \u0219colii Iord\u0103ne\u0219ti).<\/p>\n<p>Astfel, \u0219colile vizate de proiect vor fi dotate cu mobilier \u0219i echipamente de ultim\u0103 genera\u021bie.\u00a0 Cl\u0103direa \u00een care se desfa\u0219oar\u0103 ora de educa\u021bie fizic\u0103 \u0219i terenul de sport din cadrul \u0219colii din satul B\u0103lc\u0103u\u021bi vor fi reabilitate \u0219i dotate.<\/p>\n<p><strong>\u00a0\u00a0\u00a0\u00a0\u00a0\u00a0\u00a0 Efecte pe termen lung \u2013 continuitate:<\/strong><\/p>\n<p>Odat\u0103 cu ob\u021binerea rezultatelor, cele dou\u0103 infrastructuri reabilitate \/ dotate vor r\u0103m\u00e2ne \u00een proprietatea public\u0103 a\u0219a cum sunt ast\u0103zi.<\/p>\n<p>Acestea vor fi utilizate \u00een continuare de c\u0103tre angaja\u021bii \u0219colilor, astfel \u00eenc\u00e2t rezultatele pozitive ale proiectului s\u0103 aib\u0103 impact pentru o perioad\u0103 de 10-15 ani de la finalizare.<\/p>\n<p>De asemenea, implicarea partenerilor \u00een mai multe etape ale proiectului (preg\u0103tirea propunerii de proiect, \u00een timpul implement\u0103rii tuturor activit\u0103\u021bilor, durabilitatea rezultatelor) va asigura continuarea parteneriatului \u00een viitor.<\/p>\n<p>Schimburile de experien\u021b\u0103 \u0219i activit\u0103\u021bile de umbr\u0103 a locurilor de munc\u0103 cu participan\u021bi din\u00a0 ambele \u021b\u0103ri (personal educa\u021bional din Ucraina \u0219i Rom\u00e2nia) vor asigura cadrul unei cooper\u0103ri \u00eendelungate \u0219i alte schimburi viitoare de experien\u021b\u0103 \u00eentre reprezentan\u021bii \u0219colilor.<\/p>\n<p><strong>\u00a0\u00a0\u00a0\u00a0\u00a0\u00a0\u00a0 Date de contact:<\/strong><\/p>\n<p>7 2 7 0 2 5 , Comuna B\u0103lc \u0103u\u021b i, Jude\u021b ul Suceava, Rom\u00e2nia, s t r . Principal\u0103<\/p>\n<p>Tel . : 0 3 7 2 . 9 0 0 . 9 0 6<\/p>\n<p>e-mai l : primariabalcauti@yahoo.com<\/p>\n<p>www.balcauti.ro<\/p>\n<p><em>\u00a0<\/em><\/p>\n<p>&nbsp;<\/p>\n","protected":false},"excerpt":{"rendered":"<p>Comunicat de pres\u0103 \u00a0 Lansare proiect \u201dAcces \u00eembun\u0103t\u0103\u021bit \u00een \u0219colile din zona rural\u0103 transfrontalier\u0103 Yordaneshty \u0219i B\u0103lc\u0103u\u021bi\u201d \u00a0 \u00a0\u00a0\u00a0\u00a0 Prim\u0103ria Comunei B\u0103lc\u0103u\u021bi, jude\u021bul Suceava anun\u021b\u0103 lansarea proiectului \u201d Acces \u00eembun\u0103t\u0103\u021bit \u00een \u0219colile din zona rural\u0103 transfrontalier\u0103 Yordaneshty \u0219i B\u0103lc\u0103u\u021bi\u201d. Activitatea se va desf\u0103\u0219ura la \u0218coala Gimnazial\u0103 B\u0103lc\u0103u\u021bi, \u00een data de 27.01.2021, ora 14.000. Proiectul este<\/p>\n","protected":false},"author":1,"featured_media":0,"parent":0,"menu_order":0,"comment_status":"closed","ping_status":"closed","template":"","meta":{"ngg_post_thumbnail":0,"footnotes":""},"categories":[],"tags":[],"class_list":["post-2014","page","type-page","status-publish","hentry"],"_links":{"self":[{"href":"https:\/\/balcauti.ro\/index.php\/wp-json\/wp\/v2\/pages\/2014","targetHints":{"allow":["GET"]}}],"collection":[{"href":"https:\/\/balcauti.ro\/index.php\/wp-json\/wp\/v2\/pages"}],"about":[{"href":"https:\/\/balcauti.ro\/index.php\/wp-json\/wp\/v2\/types\/page"}],"author":[{"embeddable":true,"href":"https:\/\/balcauti.ro\/index.php\/wp-json\/wp\/v2\/users\/1"}],"replies":[{"embeddable":true,"href":"https:\/\/balcauti.ro\/index.php\/wp-json\/wp\/v2\/comments?post=2014"}],"version-history":[{"count":1,"href":"https:\/\/balcauti.ro\/index.php\/wp-json\/wp\/v2\/pages\/2014\/revisions"}],"predecessor-version":[{"id":2015,"href":"https:\/\/balcauti.ro\/index.php\/wp-json\/wp\/v2\/pages\/2014\/revisions\/2015"}],"wp:attachment":[{"href":"https:\/\/balcauti.ro\/index.php\/wp-json\/wp\/v2\/media?parent=2014"}],"wp:term":[{"taxonomy":"category","embeddable":true,"href":"https:\/\/balcauti.ro\/index.php\/wp-json\/wp\/v2\/categories?post=2014"},{"taxonomy":"post_tag","embeddable":true,"href":"https:\/\/balcauti.ro\/index.php\/wp-json\/wp\/v2\/tags?post=2014"}],"curies":[{"name":"wp","href":"https:\/\/api.w.org\/{rel}","templated":true}]}}